{"id":1266,"date":"2023-04-10T18:06:47","date_gmt":"2023-04-10T18:06:47","guid":{"rendered":"http:\/\/sites.letras.ufmg.br\/aem\/?page_id=1266"},"modified":"2023-10-25T17:11:34","modified_gmt":"2023-10-25T17:11:34","slug":"educativo","status":"publish","type":"page","link":"https:\/\/sites.letras.ufmg.br\/aem\/educativo\/","title":{"rendered":"Educativo"},"content":{"rendered":"\n\n\t\t\t\t<img decoding=\"async\" src=\"http:\/\/sites.letras.ufmg.br\/aem\/wp-content\/uploads\/2023\/09\/educativo-2.png\" alt=\"educativo\" itemprop=\"image\" title=\"educativo\" onerror=\"this.style.display='none'\"  \/>\n\t<p>O setor Comunica\u00e7\u00e3o Educativa \u00e9 respons\u00e1vel por desenvolver, produzir, coordenar e executar atividades educativo-culturais e de comunica\u00e7\u00e3o voltadas aos diversos p\u00fablicos do Acervo de Escritores Mineiros.<\/p>\n<h2>\n\t\tAtividades Desenvolvidas no AEM\n\t<\/h2>\n\t\t\t\t<a href=\"https:\/\/youtube.com\/playlist?list=PLXkEiVkMBbiqrnV4m5QMM5i_nvh9TnTN8\" target=\"_blank\" rel=\"noopener\" itemprop=\"url\">\n\t\t\t\t<img loading=\"lazy\" decoding=\"async\" src=\"https:\/\/sites.letras.ufmg.br\/aem\/wp-content\/uploads\/2023\/06\/encontromarcado2.png\" alt=\"encontromarcado2\" itemprop=\"image\" height=\"949\" width=\"983\" title=\"encontromarcado2\" onerror=\"this.style.display='none'\"  \/>\n\t\t\t\t<\/a>\n<h3>\n\t\t<a href=\"https:\/\/youtube.com\/playlist?list=PLXkEiVkMBbiqrnV4m5QMM5i_nvh9TnTN8\" title=\"Encontro Marcado\" target=\"_self\" rel=\"noopener\">\n\t\tEncontro Marcado\n\t\t<\/a>\n\t<\/h3>\n\t<p>Realizado ao longo do semestre letivo, tem o objetivo de fomentar o debate p\u00fablico acerca de temas caros ao universo da literatura brasileira contempor\u00e2nea.<\/p>\n\t\t\t\t<a href=\"https:\/\/youtu.be\/bcHV5Nr1dZU\" target=\"_blank\" rel=\"noopener\" itemprop=\"url\">\n\t\t\t\t<img loading=\"lazy\" decoding=\"async\" src=\"https:\/\/sites.letras.ufmg.br\/aem\/wp-content\/uploads\/2023\/06\/milhao-corte.png\" alt=\"atividade\" itemprop=\"image\" height=\"800\" width=\"800\" title=\"atividade\" onerror=\"this.style.display='none'\"  \/>\n\t\t\t\t<\/a>\n<h3>\n\t\t<a href=\"https:\/\/youtu.be\/bcHV5Nr1dZU\" title=\"Leitura Dram\u00e1tica e Encena\u00e7\u00e3o no AEM\" target=\"_self\" rel=\"noopener\">\n\t\tLeitura Dram\u00e1tica e Encena\u00e7\u00e3o no AEM\n\t\t<\/a>\n\t<\/h3>\n\t<p>Media\u00e7\u00f5es a partir da linguagem teatral.<\/p>\n\t\t\t\t<a href=\"https:\/\/open.spotify.com\/playlist\/1vDyAtaA79P0vBFlWh3rB3?si=tVUK0Wl3SjyHX9tyC1drIA&#038;nd=1\" target=\"_blank\" rel=\"noopener\" itemprop=\"url\">\n\t\t\t\t<img loading=\"lazy\" decoding=\"async\" src=\"https:\/\/sites.letras.ufmg.br\/aem\/wp-content\/uploads\/2023\/06\/avoltaparamarilda.png\" alt=\"avoltaparamarilda\" itemprop=\"image\" height=\"705\" width=\"749\" title=\"avoltaparamarilda\" onerror=\"this.style.display='none'\"  \/>\n\t\t\t\t<\/a>\n<h3>\n\t\t<a href=\"https:\/\/podcasters.spotify.com\/pod\/show\/escritoresmineiros\/episodes\/Acervo-de-Memrias---Ep--1-Bruna-Pessoa-e-Cavallere-Lima-e15sljj\" title=\"Podcasts e Radionovela\" target=\"_self\" rel=\"noopener\">\n\t\tPodcasts e Radionovela\n\t\t<\/a>\n\t<\/h3>\n\t<p>Produ\u00e7\u00f5es originais sobre temas afins ao AEM<\/p>\n\t\t\t\t<img decoding=\"async\" src=\"http:\/\/sites.letras.ufmg.br\/aem\/wp-content\/uploads\/2023\/10\/WhatsApp-Image-2023-10-23-at-12.46.21.jpeg\" alt=\"Semin\u00e1rio Fernando Sabino 100 anos, que ocorreu dia 19 de outubro de 2023, na Faculdade de Letras da UFMG\" itemprop=\"image\" title=\"WhatsApp Image 2023-10-23 at 12.46.21\" onerror=\"this.style.display='none'\"  \/>\n\t\tSemin\u00e1rio Fernando Sabino 100 anos, que ocorreu dia 19 de outubro de 2023, na Faculdade de Letras da UFMG\n<h2>\n\t\tEventos acad\u00eamicos\n\t<\/h2>\n\t<p>Eventos voltados prioritariamente ao p\u00fablico acad\u00eamico, sobre temas caros \u00e0 contemporaneidade.<\/p>\n<h2>\n\t\tAulas no AEM\n\t<\/h2>\n\t<p>Docentes que atuam em qualquer n\u00edvel de ensino podem demandar a realiza\u00e7\u00e3o de aulas no Acervo de Escritores Mineiros, e utilizar seu espa\u00e7o e acervos em atividades did\u00e1ticas.<\/p>\n\t\t\t\t<img decoding=\"async\" src=\"http:\/\/sites.letras.ufmg.br\/aem\/wp-content\/uploads\/2023\/09\/IMG_0492.jpg\" alt=\"IMG_0492\" itemprop=\"image\" title=\"IMG_0492\" onerror=\"this.style.display='none'\"  \/>\n\n","protected":false},"excerpt":{"rendered":"<p>O setor Comunica\u00e7\u00e3o Educativa \u00e9 respons\u00e1vel por desenvolver, produzir, coordenar e executar atividades educativo-culturais e de comunica\u00e7\u00e3o voltadas aos diversos p\u00fablicos do Acervo de Escritores Mineiros. Atividades Desenvolvidas no AEM Encontro Marcado Realizado ao longo do semestre letivo, tem o objetivo de fomentar o debate p\u00fablico acerca de temas caros ao universo da literatura brasileira [&hellip;]<\/p>\n","protected":false},"author":4,"featured_media":0,"parent":0,"menu_order":0,"comment_status":"closed","ping_status":"closed","template":"template\/template-about.php","meta":{"saved_in_kubio":false,"footnotes":""},"class_list":["post-1266","page","type-page","status-publish","hentry"],"kubio_ai_page_context":{"short_desc":"","purpose":"general"},"_links":{"self":[{"href":"https:\/\/sites.letras.ufmg.br\/aem\/wp-json\/wp\/v2\/pages\/1266","targetHints":{"allow":["GET"]}}],"collection":[{"href":"https:\/\/sites.letras.ufmg.br\/aem\/wp-json\/wp\/v2\/pages"}],"about":[{"href":"https:\/\/sites.letras.ufmg.br\/aem\/wp-json\/wp\/v2\/types\/page"}],"author":[{"embeddable":true,"href":"https:\/\/sites.letras.ufmg.br\/aem\/wp-json\/wp\/v2\/users\/4"}],"replies":[{"embeddable":true,"href":"https:\/\/sites.letras.ufmg.br\/aem\/wp-json\/wp\/v2\/comments?post=1266"}],"version-history":[{"count":45,"href":"https:\/\/sites.letras.ufmg.br\/aem\/wp-json\/wp\/v2\/pages\/1266\/revisions"}],"predecessor-version":[{"id":2912,"href":"https:\/\/sites.letras.ufmg.br\/aem\/wp-json\/wp\/v2\/pages\/1266\/revisions\/2912"}],"wp:attachment":[{"href":"https:\/\/sites.letras.ufmg.br\/aem\/wp-json\/wp\/v2\/media?parent=1266"}],"curies":[{"name":"wp","href":"https:\/\/api.w.org\/{rel}","templated":true}]}}