{"id":2021,"date":"2023-06-16T18:58:30","date_gmt":"2023-06-16T18:58:30","guid":{"rendered":"https:\/\/sites.letras.ufmg.br\/aem\/?page_id=2021"},"modified":"2024-12-04T17:12:31","modified_gmt":"2024-12-04T17:12:31","slug":"publicacoes","status":"publish","type":"page","link":"https:\/\/sites.letras.ufmg.br\/aem\/publicacoes\/","title":{"rendered":"Publica\u00e7\u00f5es Institucionais"},"content":{"rendered":"\r\n<p>Neste espa\u00e7o s\u00e3o listadas publica\u00e7\u00f5es originais do Acervo de Escritores Mineiros.<\/p>\r\n<h2>Acervo de Escritores Mineiros<br \/><strong><em>mem\u00f3rias e hist\u00f3rias<\/em><\/strong><\/h2>\r\n<p><em>Organizadores<\/em><br \/>Elen de Medeiros<br \/>Leandro Garcia Rodrigues<\/p>\r\n<p>&nbsp;<\/p>\r\n<p>&nbsp;<\/p>\r\n<p>&nbsp;<\/p>\r\n<p>&nbsp;<\/p>\r\n<p><a href=\"http:\/\/www.letras.ufmg.br\/padrao_cms\/documentos\/eventos\/vivavoz\/Acervo%20de%20Escritores%20Mineiros.pdf\" target=\"_blank\" rel=\"noopener\"> Visualizar <\/a> <img loading=\"lazy\" decoding=\"async\" title=\"aem - memorias e historias\" src=\"http:\/\/sites.letras.ufmg.br\/aem\/wp-content\/uploads\/2023\/06\/aem-memorias-e-historias.png\" alt=\"aem - memorias e historias\" width=\"553\" height=\"723\" \/> <img loading=\"lazy\" decoding=\"async\" title=\"a volta para a marilda\" src=\"http:\/\/sites.letras.ufmg.br\/aem\/wp-content\/uploads\/2023\/06\/a-volta-para-a-marilda.png\" alt=\"a volta para a marilda\" width=\"555\" height=\"725\" \/><\/p>\r\n<h2>A volta para Marilda<br \/><em><strong>Roteiro completo e processo de cria\u00e7\u00e3o<\/strong><\/em><\/h2>\r\n<p><em>Organizadora<\/em><br \/>Elen de Medeiros<\/p>\r\n<p>&nbsp;<\/p>\r\n<p>&nbsp;<\/p>\r\n<p>&nbsp;<\/p>\r\n<p>&nbsp;<\/p>\r\n<p><a href=\"https:\/\/labed-letras-ufmg.com.br\/wp-content\/uploads\/2021\/03\/a-volta-para-marilda-arquivo-final.pdf\" target=\"_blank\" rel=\"noopener\"> Visualizar <\/a><\/p>\r\n<h2><strong>Affonso \u00c1vila<\/strong><br \/><strong><em>Encontro com escritores mineiros<\/em><\/strong><\/h2>\r\n<p><em>Organizador<\/em><br \/>Ant\u00f4nio S\u00e9rgio Bueno<\/p>\r\n<p>&nbsp;<\/p>\r\n<p>&nbsp;<\/p>\r\n<p>&nbsp;<\/p>\r\n<p>&nbsp;<\/p>\r\n<p>&nbsp;<\/p>\r\n<p>&nbsp;<\/p>\r\n<p><a href=\"http:\/\/sites.letras.ufmg.br\/aem\/wp-content\/uploads\/2023\/08\/Affoso-Avila-Encontro-com-escritores-mineiros.pdf\" target=\"_blank\" rel=\"noopener\"> Visualizar <\/a> <img loading=\"lazy\" decoding=\"async\" title=\"Affonso \u00c1vila\" src=\"http:\/\/sites.letras.ufmg.br\/aem\/wp-content\/uploads\/2023\/08\/Captura-de-Tela-2023-08-23-as-10.19.36.png\" alt=\"Affonso \u00c1vila\" width=\"1208\" height=\"1800\" \/> <img loading=\"lazy\" decoding=\"async\" title=\"00002\" src=\"http:\/\/sites.letras.ufmg.br\/aem\/wp-content\/uploads\/2023\/08\/00002.jpg\" alt=\"00002\" width=\"1614\" height=\"2229\" \/><\/p>\r\n<h2>Autran Dourado<br \/><em><strong>Encontro com escritores mineiros<\/strong><\/em><\/h2>\r\n<p><em>Organizadora<\/em><br \/>Eneida Maria de Souza<\/p>\r\n<p>&nbsp;<\/p>\r\n<p>&nbsp;<\/p>\r\n<p>&nbsp;<\/p>\r\n<p>&nbsp;<\/p>\r\n<p><a href=\"http:\/\/sites.letras.ufmg.br\/aem\/wp-content\/uploads\/2023\/08\/Autran-Dourado-Encontro-de-Escritores-Mineiros.pdf\" target=\"_blank\" rel=\"noopener\"> Visualizar <\/a><\/p>\r\n<h2>Abgar Renault<br \/><strong><em>Encontro com escritores mineiros<\/em><\/strong><\/h2>\r\n<p><em>Organizadores<\/em><br \/>Solange Ribeiro de Oliveira<br \/>Affonso Henrique Tamm Renault<\/p>\r\n<p>&nbsp;<\/p>\r\n<p>&nbsp;<\/p>\r\n<p>&nbsp;<\/p>\r\n<p>&nbsp;<\/p>\r\n<p><a href=\"http:\/\/sites.letras.ufmg.br\/aem\/wp-content\/uploads\/2023\/08\/Abgar-Renault-Encontro-com-Escritores-Mineiros-3.pdf\" target=\"_blank\" rel=\"noopener\"> Visualizar <\/a> <img loading=\"lazy\" decoding=\"async\" title=\"Captura de Tela 2023-08-23 \u00e0s 10.30.48\" src=\"http:\/\/sites.letras.ufmg.br\/aem\/wp-content\/uploads\/2023\/08\/Captura-de-Tela-2023-08-23-as-10.30.48.png\" alt=\"Captura de Tela 2023-08-23 \u00e0s 10.30.48\" width=\"1052\" height=\"1533\" \/> <img loading=\"lazy\" decoding=\"async\" title=\"00084\" src=\"http:\/\/sites.letras.ufmg.br\/aem\/wp-content\/uploads\/2023\/11\/00084.jpg\" alt=\"00084\" width=\"1561\" height=\"2197\" \/> <img decoding=\"async\" src=\"http:\/\/sites.letras.ufmg.br\/aem\/wp-content\/plugins\/beaver-builder-lite-version\/img\/pixel.png\" alt=\"\" \/><\/p>\r\n<h2>Darcy Ribeiro<br \/><em><strong>Encontro com escritores mineiros<\/strong><\/em><\/h2>\r\n<p><em>Organizadora<\/em><br \/>Hayd\u00e9e Ribeiro Coelho<\/p>\r\n<p>&nbsp;<\/p>\r\n<p>&nbsp;<\/p>\r\n<p>&nbsp;<\/p>\r\n<p>&nbsp;<\/p>\r\n<p>&nbsp;<\/p>\r\n<p><a href=\"http:\/\/sites.letras.ufmg.br\/aem\/wp-content\/uploads\/2023\/08\/Darcy-Ribeiro-Encontro-de-Escritores-Mineiros.pdf\" target=\"_blank\" rel=\"noopener\"> Visualizar <\/a><\/p>\r\n<h2>La\u00eds Corr\u00eaa de Ara\u00fajo<br \/><strong><em>Encontro com escritores mineiros<\/em><\/strong><\/h2>\r\n<p><em>Organizadora<\/em><br \/>Maria Esther Maciel<\/p>\r\n<p>&nbsp;<\/p>\r\n<p>&nbsp;<\/p>\r\n<p>&nbsp;<\/p>\r\n<p>&nbsp;<\/p>\r\n<p>&nbsp;<\/p>\r\n<p>&nbsp;<\/p>\r\n<p><a href=\"http:\/\/sites.letras.ufmg.br\/aem\/wp-content\/uploads\/2023\/08\/Lais-Correa-de-Araujo-encontro-com-escritores-mineiros.pdf\" target=\"_blank\" rel=\"noopener\"> Visualizar <\/a> <img loading=\"lazy\" decoding=\"async\" title=\"La\u00eds Corr\u00eaa de Ara\u00fajo\" src=\"http:\/\/sites.letras.ufmg.br\/aem\/wp-content\/uploads\/2023\/08\/Captura-de-Tela-2023-08-23-as-10.34.45.png\" alt=\"La\u00eds Corr\u00eaa de Ara\u00fajo\" width=\"1112\" height=\"1731\" \/> <img loading=\"lazy\" decoding=\"async\" title=\"Rui Mour\u00e3o\" src=\"http:\/\/sites.letras.ufmg.br\/aem\/wp-content\/uploads\/2023\/08\/Captura-de-Tela-2023-08-23-as-10.36.41.png\" alt=\"Rui Mour\u00e3o\" width=\"1060\" height=\"1568\" \/><\/p>\r\n<h2>Rui Mour\u00e3o<br \/><em><strong>Encontro com escritores mineiros<\/strong><\/em><\/h2>\r\n<p><em>Organizadora<\/em><br \/>Hayd\u00e9e Ribeiro Coelho<\/p>\r\n<p>&nbsp;<\/p>\r\n<p>&nbsp;<\/p>\r\n<p>&nbsp;<\/p>\r\n<p>&nbsp;<\/p>\r\n<p>&nbsp;<\/p>\r\n<p><a href=\"http:\/\/sites.letras.ufmg.br\/aem\/wp-content\/uploads\/2023\/08\/Rui-Mourao-Encontro-com-Escritores-Mineiros-6.pdf\" target=\"_blank\" rel=\"noopener\"> Visualizar <\/a><\/p>\r\n<h2>Presen\u00e7a de Henriqueta<\/h2>\r\n<p><em>Organizadores<\/em><br \/>Abigail de Oliveira Carvalho<br \/>Eneida Maria de Souza<br \/>Wander Melo Miranda<\/p>\r\n<p>&nbsp;<\/p>\r\n<p>&nbsp;<\/p>\r\n<p>&nbsp;<\/p>\r\n<p>&nbsp;<\/p>\r\n<p>&nbsp;<\/p>\r\n<p>&nbsp;<\/p>\r\n<p>&nbsp;<\/p>\r\n<p><img loading=\"lazy\" decoding=\"async\" title=\"00003\" src=\"http:\/\/sites.letras.ufmg.br\/aem\/wp-content\/uploads\/2023\/08\/00003.jpg\" alt=\"00003\" width=\"1788\" height=\"2613\" \/> <img loading=\"lazy\" decoding=\"async\" title=\"00001\" src=\"http:\/\/sites.letras.ufmg.br\/aem\/wp-content\/uploads\/2023\/08\/00001-1.jpg\" alt=\"00001\" width=\"1654\" height=\"2396\" \/><\/p>\r\n<h2>A trama do arquivo<\/h2>\r\n<p><em>Organizador<\/em><br \/>Wander Melo Miranda<\/p>\r\n<p>&nbsp;<\/p>\r\n<p>&nbsp;<\/p>\r\n<p>&nbsp;<\/p>\r\n<p>&nbsp;<\/p>\r\n<p>&nbsp;<\/p>\r\n","protected":false},"excerpt":{"rendered":"<p>Neste espa\u00e7o s\u00e3o listadas publica\u00e7\u00f5es originais do Acervo de Escritores Mineiros. Acervo de Escritores Mineirosmem\u00f3rias e hist\u00f3rias OrganizadoresElen de MedeirosLeandro Garcia Rodrigues &nbsp; &nbsp; &nbsp; &nbsp; Visualizar A volta para MarildaRoteiro completo e processo de cria\u00e7\u00e3o OrganizadoraElen de Medeiros &nbsp; &nbsp; &nbsp; &nbsp; Visualizar Affonso \u00c1vilaEncontro com escritores mineiros OrganizadorAnt\u00f4nio S\u00e9rgio Bueno &nbsp; &nbsp; &nbsp; [&hellip;]<\/p>\n","protected":false},"author":4,"featured_media":0,"parent":0,"menu_order":0,"comment_status":"closed","ping_status":"closed","template":"","meta":{"saved_in_kubio":false,"footnotes":""},"class_list":["post-2021","page","type-page","status-publish","hentry"],"kubio_ai_page_context":{"short_desc":"","purpose":"general"},"_links":{"self":[{"href":"https:\/\/sites.letras.ufmg.br\/aem\/wp-json\/wp\/v2\/pages\/2021","targetHints":{"allow":["GET"]}}],"collection":[{"href":"https:\/\/sites.letras.ufmg.br\/aem\/wp-json\/wp\/v2\/pages"}],"about":[{"href":"https:\/\/sites.letras.ufmg.br\/aem\/wp-json\/wp\/v2\/types\/page"}],"author":[{"embeddable":true,"href":"https:\/\/sites.letras.ufmg.br\/aem\/wp-json\/wp\/v2\/users\/4"}],"replies":[{"embeddable":true,"href":"https:\/\/sites.letras.ufmg.br\/aem\/wp-json\/wp\/v2\/comments?post=2021"}],"version-history":[{"count":18,"href":"https:\/\/sites.letras.ufmg.br\/aem\/wp-json\/wp\/v2\/pages\/2021\/revisions"}],"predecessor-version":[{"id":3194,"href":"https:\/\/sites.letras.ufmg.br\/aem\/wp-json\/wp\/v2\/pages\/2021\/revisions\/3194"}],"wp:attachment":[{"href":"https:\/\/sites.letras.ufmg.br\/aem\/wp-json\/wp\/v2\/media?parent=2021"}],"curies":[{"name":"wp","href":"https:\/\/api.w.org\/{rel}","templated":true}]}}